{"id":49740,"date":"2026-04-30T11:43:18","date_gmt":"2026-04-30T09:43:18","guid":{"rendered":"https:\/\/fonsvinum.com\/?post_type=product&#038;p=49740"},"modified":"2026-04-30T12:11:36","modified_gmt":"2026-04-30T10:11:36","slug":"braida-la-monella-2025-barbera-del-monferrato","status":"publish","type":"product","link":"https:\/\/fonsvinum.com\/de\/produkt\/braida-la-monella-2025-barbera-del-monferrato\/","title":{"rendered":"BRAIDA La Monella Barbera del Monferrato 2025"},"content":{"rendered":"<h2 style=\"text-align: left\"><a href=\"https:\/\/fonsvinum.com\/?s=braida+&amp;post_type=product\">BRAIDA La Monella 2025 Barbera del Monferrato <\/a><\/h2>\n<h3>&#8230;DIE GESCHICHTE&#8230;<\/h3>\n<div id=\"ultimate-heading-98785e8d89d6a0f43\" class=\"uvc-heading ult-adjust-bottom-margin ultimate-heading-98785e8d89d6a0f43 uvc-2028 \" data-hspacer=\"no_spacer\" data-halign=\"center\">\n<div class=\"uvc-main-heading ult-responsive\" data-ultimate-target=\".uvc-heading.ultimate-heading-98785e8d89d6a0f43 h1\" data-responsive-json-new=\"{\">\n<p>Die Geschichte von Braida ist eng mit der von Rocchetta Tanaro verbunden, einem kleinen Ort im Monferrato bei Asti.<\/p>\n<p><em>\u201eMein Dorf ist keine \u00dcberraschung, es sind zehn Weinberge, sechs H\u00e4user, eine Kirche\u201c<\/em>: Dies sind die Worte des Chansonniers Paolo Frola, der auch der Landarzt von Rocchetta ist. Das Lied wurde gemeinsam mit Gianni Mura beim Trinken des Barbera von Rocchetta geschrieben. Von jenen zehn von Frola besungenen Weinbergen geh\u00f6ren einige zu Braida. Sie geh\u00f6rten Gro\u00dfvater Giuseppe, gingen dann an Vater Giacomo \u00fcber und werden heute von Giuseppe und Raffaella Bologna bewirtschaftet. Das Unternehmen entstand aus dem Enthusiasmus, der Leidenschaft und dem unternehmerischen Mut eines echten \u201eDoc\u201c-B\u00fcrgers von Rocchetta, Giacomo Bologna.<\/p>\n<p>\u201eBraida\u201c war der Spitzname, den sich Giacomos Vater, Giuseppe Bologna, von Beruf Fuhrmann, beim Pallone-Elastico-Spiel aufgrund seiner \u00c4hnlichkeit mit einem Champion dieses Sports verdient hatte. Vom Vater erbte Giacomo zusammen mit dem Spitznamen die Liebe zum Sport und zu Pferden sowie einen weitl\u00e4ufigen Barbera-Weinberg auf den H\u00fcgeln von Rocchetta.<\/p>\n<\/div>\n<\/div>\n<h3>&#8230;<a href=\"https:\/\/fonsvinum.com\/?s=BRAIDA&amp;post_type=product\">BRAIDA<\/a> IST&#8230;<\/h3>\n<div class=\"wpb_animate_when_almost_visible wpb_fadeInLeft fadeInLeft wpb_column vc_column_container vc_col-sm-6 wpb_start_animation animated\">\n<div class=\"vc_column-inner vc_custom_1546520320507\">\n<div class=\"wpb_wrapper\">\n<div id=\"ultimate-heading-95435e8d89613f483\" class=\"uvc-heading ult-adjust-bottom-margin ultimate-heading-95435e8d89613f483 uvc-5676 uvc-heading-default-font-sizes\" data-hspacer=\"no_spacer\" data-halign=\"center\">\n<div class=\"uvc-sub-heading ult-responsive\" data-ultimate-target=\".uvc-heading.ultimate-heading-95435e8d89613f483 .uvc-sub-heading \" data-responsive-json-new=\"{\">Braida ist das mitrei\u00dfende Lachen von Raffaella und der versunkene Blick von Giuseppe. Zwei Geschwister, die das Erbe einer au\u00dfergew\u00f6hnlichen italienischen Weinfamilie in ihren Genen und Gesten tragen. Ein Erbe, das sie durch ihre t\u00e4gliche Arbeit festigen und erweitern, indem sie dessen beste Fr\u00fcchte mit ihrem gro\u00dfartigen Team, ihrem unverzichtbaren Geburtsort Rocchetta Tanaro und all jenen teilen, die ihre Weine lieben.<\/div>\n<div data-ultimate-target=\".uvc-heading.ultimate-heading-95435e8d89613f483 .uvc-sub-heading \" data-responsive-json-new=\"{\"><\/div>\n<div data-ultimate-target=\".uvc-heading.ultimate-heading-95435e8d89613f483 .uvc-sub-heading \" data-responsive-json-new=\"{\">\n<div class=\"vc_row wpb_row vc_row-fluid vc_custom_1548327064097 vc_row-o-equal-height vc_row-flex ult-vc-hide-row vc_row-has-fill uvc_hidden-sm uvc_hidden-xs uvc_hidden-xsl\" data-hide-row=\" uvc_hidden-sm uvc_hidden-xs uvc_hidden-xsl \" data-rtl=\"false\" data-row-effect-mobile-disable=\"true\">\n<div class=\"wpb_animate_when_almost_visible wpb_fadeInRight fadeInRight wpb_column vc_column_container vc_col-sm-6 wpb_start_animation animated\">\n<div class=\"vc_column-inner vc_custom_1546520356115\">\n<div class=\"wpb_wrapper\">\n<div id=\"ultimate-heading-99125e8d89613fc1e\" class=\"uvc-heading ult-adjust-bottom-margin ultimate-heading-99125e8d89613fc1e uvc-1840 uvc-heading-default-font-sizes\" data-hspacer=\"no_spacer\" data-halign=\"center\">\n<div class=\"uvc-sub-heading ult-responsive\" data-ultimate-target=\".uvc-heading.ultimate-heading-99125e8d89613fc1e .uvc-sub-heading \" data-responsive-json-new=\"{\">Braida ist der \u201eWald der Gedanken\u201c oben in Montebruna und die aufgereihten Setzlinge in Asinara, die bereit sind, einem neuen Barbera-Weinberg Leben einzuhauchen. Biodiversit\u00e4t und produktionstechnische Strenge, Genie, Fantasie und Respekt vor der Tradition.<\/div>\n<div data-ultimate-target=\".uvc-heading.ultimate-heading-99125e8d89613fc1e .uvc-sub-heading \" data-responsive-json-new=\"{\"><\/div>\n<div data-ultimate-target=\".uvc-heading.ultimate-heading-99125e8d89613fc1e .uvc-sub-heading \" data-responsive-json-new=\"{\">\n<div class=\"wpb_animate_when_almost_visible wpb_fadeInLeft fadeInLeft wpb_column vc_column_container vc_col-sm-6 wpb_start_animation animated\">\n<div class=\"vc_column-inner vc_custom_1546520393172\">\n<div class=\"wpb_wrapper\">\n<div id=\"ultimate-heading-85775e8d8961400eb\" class=\"uvc-heading ult-adjust-bottom-margin ultimate-heading-85775e8d8961400eb uvc-8043 uvc-heading-default-font-sizes\" data-hspacer=\"no_spacer\" data-halign=\"center\">\n<div class=\"uvc-sub-heading ult-responsive\" data-ultimate-target=\".uvc-heading.ultimate-heading-85775e8d8961400eb .uvc-sub-heading \" data-responsive-json-new=\"{\">Braida ist die Geschichte des Barbera \u2013 vom leichtesten und unbeschwertesten Ausdruck bis hin zum tiefgr\u00fcndigsten und sinnlichsten \u2013 und das neue Abenteuer der Wei\u00dfweine aus der Langa mit Nascetta, Chardonnay und Riesling.<\/div>\n<div data-ultimate-target=\".uvc-heading.ultimate-heading-85775e8d8961400eb .uvc-sub-heading \" data-responsive-json-new=\"{\"><\/div>\n<\/div>\n<\/div>\n<div data-ultimate-target=\".uvc-heading.ultimate-heading-85775e8d8961400eb .uvc-sub-heading \" data-responsive-json-new=\"{\">Braida ist der Traum von Giacomo Bologna, den Raffaella und Giuseppe mit Arbeit und Hingabe in eine solide, gl\u00fcckliche und geliebte Realit\u00e4t verwandelt haben.<\/div>\n<\/div>\n<\/div>\n<div class=\"wpb_animate_when_almost_visible wpb_fadeInRight fadeInRight wpb_column vc_column_container vc_col-sm-6 vc_col-has-fill wpb_start_animation animated\"><\/div>\n<\/div>\n<\/div>\n<\/div>\n<\/div>\n<\/div>\n<\/div>\n<\/div>\n<\/div>\n<\/div>\n<\/div>\n<\/div>\n<div id=\"ultimate-heading-5695e8d86c013e4b\" class=\"uvc-heading ult-adjust-bottom-margin ultimate-heading-5695e8d86c013e4b uvc-2515 \" data-hspacer=\"no_spacer\" data-halign=\"left\">\n<div class=\"uvc-sub-heading ult-responsive\" data-ultimate-target=\".uvc-heading.ultimate-heading-5695e8d86c013e4b .uvc-sub-heading \" data-responsive-json-new=\"{\">\n<div class=\"vc_row wpb_row vc_row-fluid ult-vc-hide-row vc_row-has-fill uvc_hidden-sm uvc_hidden-xs uvc_hidden-xsl\" data-hide-row=\" uvc_hidden-sm uvc_hidden-xs uvc_hidden-xsl \" data-rtl=\"false\" data-row-effect-mobile-disable=\"true\">\n<h2><a href=\"https:\/\/fonsvinum.com\/de\/produkt-kategorie\/rotweine-de\/?filter_appellation=barbera-dalba-doc\">BARBERA<\/a> LA MONELLA<\/h2>\n<div class=\"wpb_column vc_column_container vc_col-sm-8\">\n<div class=\"vc_column-inner\">\n<div class=\"wpb_wrapper\">\n<div id=\"ultimate-heading-1165e8da46492725\" class=\"uvc-heading ult-adjust-bottom-margin ultimate-heading-1165e8da46492725 uvc-9936 uvc-heading-default-font-sizes\" data-hspacer=\"no_spacer\" data-halign=\"center\">\n<div class=\"uvc-sub-heading ult-responsive\" data-ultimate-target=\".uvc-heading.ultimate-heading-1165e8da46492725 .uvc-sub-heading \" data-responsive-json-new=\"{\">\n<div class=\"vc_row wpb_row vc_row-fluid ult-vc-hide-row vc_row-has-fill uvc_hidden-sm uvc_hidden-xs uvc_hidden-xsl\" data-hide-row=\" uvc_hidden-sm uvc_hidden-xs uvc_hidden-xsl \" data-rtl=\"false\" data-row-effect-mobile-disable=\"true\">\n<div class=\"wpb_column vc_column_container vc_col-sm-8\">\n<div class=\"vc_column-inner\">\n<div class=\"wpb_wrapper\">\n<div id=\"ultimate-heading-6688685aa717a1d98\" class=\"uvc-heading ult-adjust-bottom-margin ultimate-heading-6688685aa717a1d98 uvc-6843 uvc-heading-default-font-sizes\" data-hspacer=\"no_spacer\" data-halign=\"center\">\n<div class=\"uvc-sub-heading ult-responsive\" data-ultimate-target=\".uvc-heading.ultimate-heading-6688685aa717a1d98 .uvc-sub-heading \" data-responsive-json-new=\"{\">\n<p><span lang=\"EN-US\">Dies ist der Wein, mit dem die Geschichte von Braida offiziell beginnt: Die ersten Trauben f\u00fcr diesen Wein wuchsen im Weinberg von Gro\u00dfmutter Caterina, und im Keller schrieb der Gro\u00dfvater mit Kreide \u201eLa Monella\u201c auf das Fass des temperamentvollsten Barbera. <\/span><span lang=\"EN-US\">Er ist lebendig und hat sich nie ver\u00e4ndert, weil er in seiner Einfachheit perfekt ist.<\/span><\/p>\n<\/div>\n<\/div>\n<\/div>\n<\/div>\n<\/div>\n<\/div>\n<\/div>\n<\/div>\n<\/div>\n<\/div>\n<\/div>\n<div class=\"wpb_column vc_column_container vc_col-sm-2\">\n<div class=\"aio-icon-component style_1\">\n<div id=\"Info-box-wrap-8453\" class=\"aio-icon-box left-icon\">\n<div class=\"aio-ibd-block\">\n<div class=\"aio-icon-header\">\n<h3 class=\"aio-icon-title ult-responsive\" data-ultimate-target=\"#Info-box-wrap-8453 .aio-icon-title\" data-responsive-json-new=\"{\">Traube und Weinberg<\/h3>\n<\/div>\n<div class=\"aio-icon-description ult-responsive\" data-ultimate-target=\"#Info-box-wrap-8453 .aio-icon-description\" data-responsive-json-new=\"{\">100 % Barbera. Verschiedene B\u00f6den, \u00fcberwiegend jung, mit einer durchschnittlichen Dichte von 5.000 St\u00f6cken pro Hektar.<\/div>\n<\/div>\n<\/div>\n<\/div>\n<div class=\"aio-icon-component style_1\">\n<div id=\"Info-box-wrap-2704\" class=\"aio-icon-box left-icon\">\n<div class=\"aio-ibd-block\">\n<div class=\"aio-icon-header\">\n<h3 class=\"aio-icon-title ult-responsive\" data-ultimate-target=\"#Info-box-wrap-2704 .aio-icon-title\" data-responsive-json-new=\"{\">Im Keller<\/h3>\n<p class=\"aio-icon-title ult-responsive\" data-ultimate-target=\"#Info-box-wrap-2704 .aio-icon-title\" data-responsive-json-new=\"{\">Zehn Tage Mazeration auf den Schalen, danach eine Reifung von mindestens vier Monaten im Edelstahltank. Die Schaumbildung erfolgt im Autoklaven. Es folgen zwei Monate Verfeinerung in der Flasche.<\/p>\n<\/div>\n<\/div>\n<\/div>\n<\/div>\n<div class=\"aio-icon-component style_1\">\n<div id=\"Info-box-wrap-7499\" class=\"aio-icon-box left-icon\">\n<div class=\"aio-ibd-block\">\n<div class=\"aio-icon-header\">\n<h3 class=\"aio-icon-title ult-responsive\" data-ultimate-target=\"#Info-box-wrap-7499 .aio-icon-title\" data-responsive-json-new=\"{\">Verkostung<\/h3>\n<\/div>\n<ul>\n<li class=\"aio-icon-description ult-responsive\" data-ultimate-target=\"#Info-box-wrap-7499 .aio-icon-description\" data-responsive-json-new=\"{\"><strong>Farbe<\/strong>: leuchtendes Violett-Rubinrot, lebhafter Schaum, leicht perlend.<\/li>\n<li class=\"aio-icon-description ult-responsive\" data-ultimate-target=\"#Info-box-wrap-7499 .aio-icon-description\" data-responsive-json-new=\"{\"><strong>Duft<\/strong>: duftig, \u00fcberschw\u00e4nglich und weinig, mit zahlreichen Noten von roten Fr\u00fcchten.<\/li>\n<li class=\"aio-icon-description ult-responsive\" data-ultimate-target=\"#Info-box-wrap-7499 .aio-icon-description\" data-responsive-json-new=\"{\"><strong>Geschmack:<\/strong> au\u00dferordentlich lebendig, sehr frisch.<\/li>\n<li><strong>Passt zu <\/strong>Wurstplatten, Nudelgerichten im Allgemeinen, Siedefleisch, gemischten Grillplatten, Braten und Schmorgerichten von rotem Fleisch, feinem Wild und Porchetta.<\/li>\n<\/ul>\n<\/div>\n<\/div>\n<\/div>\n<\/div>\n<\/div>\n<\/div>\n<\/div>\n","protected":false},"excerpt":{"rendered":"<p>BRAIDA La Monella 2025 Barbera del Monferrato &#8230;DIE GESCHICHTE&#8230; Die Geschichte von Braida ist eng mit der von Rocchetta Tanaro verbunden, einem kleinen Ort im Monferrato bei Asti. \u201eMein Dorf ist keine \u00dcberraschung, es sind zehn Weinberge, sechs H\u00e4user, eine Kirche\u201c: Dies sind die Worte des Chansonniers Paolo Frola, der auch der Landarzt von Rocchetta [&hellip;]<\/p>\n","protected":false},"featured_media":46545,"comment_status":"open","ping_status":"closed","template":"","meta":{"_acf_changed":false,"_monsterinsights_skip_tracking":false,"_monsterinsights_sitenote_active":false,"_monsterinsights_sitenote_note":"","_monsterinsights_sitenote_category":0},"product_brand":[],"product_cat":[2170],"product_tag":[17718,15893,15959],"class_list":{"0":"post-49740","1":"product","2":"type-product","3":"status-publish","4":"has-post-thumbnail","6":"product_cat-barbera-de","7":"product_tag-barbera-de","8":"product_tag-piemonte-de","9":"product_tag-vino-rosso-de","10":"pa_appellation-barbera-del-monferrato-frizzante-doc","11":"pa_formato-0-75-l-flasche-de","12":"pa_producer-braida-de","13":"pa_region-piemont-de","14":"pa_vine-100-barbera-de","15":"pa_vintage-18409","17":"first","18":"instock","19":"taxable","20":"shipping-taxable","21":"purchasable","22":"product-type-simple"},"bundled_by":[],"bundle_stock_status":"instock","bundle_stock_quantity":12,"bundle_virtual":false,"bundle_layout":"","bundle_add_to_cart_form_location":"","bundle_editable_in_cart":false,"bundle_sold_individually_context":"","bundle_item_grouping":"","bundle_min_size":"","bundle_max_size":"","bundle_price":[],"bundled_items":[],"bundle_sell_ids":[],"yoast_head":"<!-- This site is optimized with the Yoast SEO plugin v27.3 - https:\/\/yoast.com\/product\/yoast-seo-wordpress\/ -->\n<title>BRAIDA La Monella Barbera del Monferrato 2025<\/title>\n<meta name=\"description\" content=\"Kaufen Sie bei FonsVinum BRAIDA-GIACOMO BOLOGNA La Monella 2025 Barbera del Monferrato \u2013 ein Barbera mit viel K\u00f6rper und bemerkenswerter Struktur...\" \/>\n<meta name=\"robots\" content=\"index, follow, max-snippet:-1, max-image-preview:large, max-video-preview:-1\" \/>\n<link rel=\"canonical\" href=\"https:\/\/fonsvinum.com\/de\/produkt\/braida-la-monella-2025-barbera-del-monferrato\/\" \/>\n<meta property=\"og:locale\" content=\"de_DE\" \/>\n<meta property=\"og:type\" content=\"article\" \/>\n<meta property=\"og:title\" content=\"BRAIDA La Monella Barbera del Monferrato 2025\" \/>\n<meta property=\"og:description\" content=\"Kaufen Sie bei FonsVinum BRAIDA-GIACOMO BOLOGNA La Monella 2025 Barbera del Monferrato \u2013 ein Barbera mit viel K\u00f6rper und bemerkenswerter Struktur...\" \/>\n<meta property=\"og:url\" content=\"https:\/\/fonsvinum.com\/de\/produkt\/braida-la-monella-2025-barbera-del-monferrato\/\" \/>\n<meta property=\"og:site_name\" content=\"Fons Vinum\" \/>\n<meta property=\"article:modified_time\" content=\"2026-04-30T10:11:36+00:00\" \/>\n<meta property=\"og:image\" content=\"https:\/\/fonsvinum.com\/files\/2025\/06\/braida-la-monella2023.png\" \/>\n\t<meta property=\"og:image:width\" content=\"345\" \/>\n\t<meta property=\"og:image:height\" content=\"1200\" \/>\n\t<meta property=\"og:image:type\" content=\"image\/png\" \/>\n<meta name=\"twitter:label1\" content=\"Gesch\u00e4tzte Lesezeit\" \/>\n\t<meta name=\"twitter:data1\" content=\"3\u00a0Minuten\" \/>\n<script type=\"application\/ld+json\" class=\"yoast-schema-graph\">{\"@context\":\"https:\\\/\\\/schema.org\",\"@graph\":[{\"@type\":\"WebPage\",\"@id\":\"https:\\\/\\\/fonsvinum.com\\\/de\\\/produkt\\\/braida-la-monella-2025-barbera-del-monferrato\\\/\",\"url\":\"https:\\\/\\\/fonsvinum.com\\\/de\\\/produkt\\\/braida-la-monella-2025-barbera-del-monferrato\\\/\",\"name\":\"BRAIDA La Monella Barbera del Monferrato 2025\",\"isPartOf\":{\"@id\":\"https:\\\/\\\/fonsvinum.com\\\/en\\\/#website\"},\"primaryImageOfPage\":{\"@id\":\"https:\\\/\\\/fonsvinum.com\\\/de\\\/produkt\\\/braida-la-monella-2025-barbera-del-monferrato\\\/#primaryimage\"},\"image\":{\"@id\":\"https:\\\/\\\/fonsvinum.com\\\/de\\\/produkt\\\/braida-la-monella-2025-barbera-del-monferrato\\\/#primaryimage\"},\"thumbnailUrl\":\"https:\\\/\\\/fonsvinum.com\\\/files\\\/2025\\\/06\\\/braida-la-monella2023.png\",\"datePublished\":\"2026-04-30T09:43:18+00:00\",\"dateModified\":\"2026-04-30T10:11:36+00:00\",\"description\":\"Kaufen Sie bei FonsVinum BRAIDA-GIACOMO BOLOGNA La Monella 2025 Barbera del Monferrato \u2013 ein Barbera mit viel K\u00f6rper und bemerkenswerter Struktur...\",\"breadcrumb\":{\"@id\":\"https:\\\/\\\/fonsvinum.com\\\/de\\\/produkt\\\/braida-la-monella-2025-barbera-del-monferrato\\\/#breadcrumb\"},\"inLanguage\":\"de\",\"potentialAction\":[{\"@type\":\"ReadAction\",\"target\":[\"https:\\\/\\\/fonsvinum.com\\\/de\\\/produkt\\\/braida-la-monella-2025-barbera-del-monferrato\\\/\"]}]},{\"@type\":\"ImageObject\",\"inLanguage\":\"de\",\"@id\":\"https:\\\/\\\/fonsvinum.com\\\/de\\\/produkt\\\/braida-la-monella-2025-barbera-del-monferrato\\\/#primaryimage\",\"url\":\"https:\\\/\\\/fonsvinum.com\\\/files\\\/2025\\\/06\\\/braida-la-monella2023.png\",\"contentUrl\":\"https:\\\/\\\/fonsvinum.com\\\/files\\\/2025\\\/06\\\/braida-la-monella2023.png\",\"width\":345,\"height\":1200},{\"@type\":\"BreadcrumbList\",\"@id\":\"https:\\\/\\\/fonsvinum.com\\\/de\\\/produkt\\\/braida-la-monella-2025-barbera-del-monferrato\\\/#breadcrumb\",\"itemListElement\":[{\"@type\":\"ListItem\",\"position\":1,\"name\":\"Startseite\",\"item\":\"https:\\\/\\\/fonsvinum.com\\\/de\\\/\"},{\"@type\":\"ListItem\",\"position\":2,\"name\":\"Shop\",\"item\":\"https:\\\/\\\/fonsvinum.com\\\/de\\\/shop\\\/\"},{\"@type\":\"ListItem\",\"position\":3,\"name\":\"BRAIDA La Monella Barbera del Monferrato 2025\"}]},{\"@type\":\"WebSite\",\"@id\":\"https:\\\/\\\/fonsvinum.com\\\/en\\\/#website\",\"url\":\"https:\\\/\\\/fonsvinum.com\\\/en\\\/\",\"name\":\"Fons Vinum\",\"description\":\"Vendita Vino Online\",\"publisher\":{\"@id\":\"https:\\\/\\\/fonsvinum.com\\\/en\\\/#organization\"},\"potentialAction\":[{\"@type\":\"SearchAction\",\"target\":{\"@type\":\"EntryPoint\",\"urlTemplate\":\"https:\\\/\\\/fonsvinum.com\\\/en\\\/?s={search_term_string}\"},\"query-input\":{\"@type\":\"PropertyValueSpecification\",\"valueRequired\":true,\"valueName\":\"search_term_string\"}}],\"inLanguage\":\"de\"},{\"@type\":\"Organization\",\"@id\":\"https:\\\/\\\/fonsvinum.com\\\/en\\\/#organization\",\"name\":\"Fons Vinum\",\"url\":\"https:\\\/\\\/fonsvinum.com\\\/en\\\/\",\"logo\":{\"@type\":\"ImageObject\",\"inLanguage\":\"de\",\"@id\":\"https:\\\/\\\/fonsvinum.com\\\/en\\\/#\\\/schema\\\/logo\\\/image\\\/\",\"url\":\"\",\"contentUrl\":\"\",\"caption\":\"Fons Vinum\"},\"image\":{\"@id\":\"https:\\\/\\\/fonsvinum.com\\\/en\\\/#\\\/schema\\\/logo\\\/image\\\/\"}}]}<\/script>\n<!-- \/ Yoast SEO plugin. -->","yoast_head_json":{"title":"BRAIDA La Monella Barbera del Monferrato 2025","description":"Kaufen Sie bei FonsVinum BRAIDA-GIACOMO BOLOGNA La Monella 2025 Barbera del Monferrato \u2013 ein Barbera mit viel K\u00f6rper und bemerkenswerter Struktur...","robots":{"index":"index","follow":"follow","max-snippet":"max-snippet:-1","max-image-preview":"max-image-preview:large","max-video-preview":"max-video-preview:-1"},"canonical":"https:\/\/fonsvinum.com\/de\/produkt\/braida-la-monella-2025-barbera-del-monferrato\/","og_locale":"de_DE","og_type":"article","og_title":"BRAIDA La Monella Barbera del Monferrato 2025","og_description":"Kaufen Sie bei FonsVinum BRAIDA-GIACOMO BOLOGNA La Monella 2025 Barbera del Monferrato \u2013 ein Barbera mit viel K\u00f6rper und bemerkenswerter Struktur...","og_url":"https:\/\/fonsvinum.com\/de\/produkt\/braida-la-monella-2025-barbera-del-monferrato\/","og_site_name":"Fons Vinum","article_modified_time":"2026-04-30T10:11:36+00:00","og_image":[{"width":345,"height":1200,"url":"https:\/\/fonsvinum.com\/files\/2025\/06\/braida-la-monella2023.png","type":"image\/png"}],"twitter_misc":{"Gesch\u00e4tzte Lesezeit":"3\u00a0Minuten"},"schema":{"@context":"https:\/\/schema.org","@graph":[{"@type":"WebPage","@id":"https:\/\/fonsvinum.com\/de\/produkt\/braida-la-monella-2025-barbera-del-monferrato\/","url":"https:\/\/fonsvinum.com\/de\/produkt\/braida-la-monella-2025-barbera-del-monferrato\/","name":"BRAIDA La Monella Barbera del Monferrato 2025","isPartOf":{"@id":"https:\/\/fonsvinum.com\/en\/#website"},"primaryImageOfPage":{"@id":"https:\/\/fonsvinum.com\/de\/produkt\/braida-la-monella-2025-barbera-del-monferrato\/#primaryimage"},"image":{"@id":"https:\/\/fonsvinum.com\/de\/produkt\/braida-la-monella-2025-barbera-del-monferrato\/#primaryimage"},"thumbnailUrl":"https:\/\/fonsvinum.com\/files\/2025\/06\/braida-la-monella2023.png","datePublished":"2026-04-30T09:43:18+00:00","dateModified":"2026-04-30T10:11:36+00:00","description":"Kaufen Sie bei FonsVinum BRAIDA-GIACOMO BOLOGNA La Monella 2025 Barbera del Monferrato \u2013 ein Barbera mit viel K\u00f6rper und bemerkenswerter Struktur...","breadcrumb":{"@id":"https:\/\/fonsvinum.com\/de\/produkt\/braida-la-monella-2025-barbera-del-monferrato\/#breadcrumb"},"inLanguage":"de","potentialAction":[{"@type":"ReadAction","target":["https:\/\/fonsvinum.com\/de\/produkt\/braida-la-monella-2025-barbera-del-monferrato\/"]}]},{"@type":"ImageObject","inLanguage":"de","@id":"https:\/\/fonsvinum.com\/de\/produkt\/braida-la-monella-2025-barbera-del-monferrato\/#primaryimage","url":"https:\/\/fonsvinum.com\/files\/2025\/06\/braida-la-monella2023.png","contentUrl":"https:\/\/fonsvinum.com\/files\/2025\/06\/braida-la-monella2023.png","width":345,"height":1200},{"@type":"BreadcrumbList","@id":"https:\/\/fonsvinum.com\/de\/produkt\/braida-la-monella-2025-barbera-del-monferrato\/#breadcrumb","itemListElement":[{"@type":"ListItem","position":1,"name":"Startseite","item":"https:\/\/fonsvinum.com\/de\/"},{"@type":"ListItem","position":2,"name":"Shop","item":"https:\/\/fonsvinum.com\/de\/shop\/"},{"@type":"ListItem","position":3,"name":"BRAIDA La Monella Barbera del Monferrato 2025"}]},{"@type":"WebSite","@id":"https:\/\/fonsvinum.com\/en\/#website","url":"https:\/\/fonsvinum.com\/en\/","name":"Fons Vinum","description":"Vendita Vino Online","publisher":{"@id":"https:\/\/fonsvinum.com\/en\/#organization"},"potentialAction":[{"@type":"SearchAction","target":{"@type":"EntryPoint","urlTemplate":"https:\/\/fonsvinum.com\/en\/?s={search_term_string}"},"query-input":{"@type":"PropertyValueSpecification","valueRequired":true,"valueName":"search_term_string"}}],"inLanguage":"de"},{"@type":"Organization","@id":"https:\/\/fonsvinum.com\/en\/#organization","name":"Fons Vinum","url":"https:\/\/fonsvinum.com\/en\/","logo":{"@type":"ImageObject","inLanguage":"de","@id":"https:\/\/fonsvinum.com\/en\/#\/schema\/logo\/image\/","url":"","contentUrl":"","caption":"Fons Vinum"},"image":{"@id":"https:\/\/fonsvinum.com\/en\/#\/schema\/logo\/image\/"}}]}},"acf":[],"_links":{"self":[{"href":"https:\/\/fonsvinum.com\/de\/wp-json\/wp\/v2\/product\/49740","targetHints":{"allow":["GET"]}}],"collection":[{"href":"https:\/\/fonsvinum.com\/de\/wp-json\/wp\/v2\/product"}],"about":[{"href":"https:\/\/fonsvinum.com\/de\/wp-json\/wp\/v2\/types\/product"}],"replies":[{"embeddable":true,"href":"https:\/\/fonsvinum.com\/de\/wp-json\/wp\/v2\/comments?post=49740"}],"wp:featuredmedia":[{"embeddable":true,"href":"https:\/\/fonsvinum.com\/de\/wp-json\/wp\/v2\/media\/46545"}],"wp:attachment":[{"href":"https:\/\/fonsvinum.com\/de\/wp-json\/wp\/v2\/media?parent=49740"}],"wp:term":[{"taxonomy":"product_brand","embeddable":true,"href":"https:\/\/fonsvinum.com\/de\/wp-json\/wp\/v2\/product_brand?post=49740"},{"taxonomy":"product_cat","embeddable":true,"href":"https:\/\/fonsvinum.com\/de\/wp-json\/wp\/v2\/product_cat?post=49740"},{"taxonomy":"product_tag","embeddable":true,"href":"https:\/\/fonsvinum.com\/de\/wp-json\/wp\/v2\/product_tag?post=49740"}],"curies":[{"name":"wp","href":"https:\/\/api.w.org\/{rel}","templated":true}]}}